{"id":4539,"date":"2026-08-11T14:19:31","date_gmt":"2026-08-11T12:19:31","guid":{"rendered":"https:\/\/www.bruenniger-hauk.de\/home\/?post_type=immobilie&#038;p=4539"},"modified":"2026-08-11T14:19:31","modified_gmt":"2026-08-11T12:19:31","slug":"ew0688","status":[],"type":"immobilie","link":"https:\/\/www.bruenniger-hauk.de\/home\/immobilie\/ew0688\/","title":{"rendered":"EW0688"},"content":{"rendered":"<p><strong><em>Lage:<\/em><\/strong><\/p>\n<p>Das Wohnhaus steht auf einem gro\u00dfz\u00fcgigen, gepflegten Eigentums-Grundst\u00fcck (3.663 m\u00b2) mit weitl\u00e4ufiger Rasenfl\u00e4che, altem Baumbestand und auflockernder Bepflanzung am Rande des beliebten Stadtteils Sudmerberg. Das naturnahe Wohngebiet zeichnet sich aus durch eine gute Infrastruktur mit Stadtn\u00e4he, einer Bushaltestelle vor der Haust\u00fcr, zahlreichen Einkaufsm\u00f6glichkeiten im naheliegenden Gewerbegebiet, Kindergarten und Schulen, u.v.m..<\/p>\n<p>&nbsp;<\/p>\n<p><strong><em>Baujahr:<\/em><\/strong><\/p>\n<p>Das vollunterkellerte Geb\u00e4ude mit 8 Wohn-Etagen (Fahrstuhl bis in das Kellergeschoss vorhanden) wurde ca. im Jahr 1967 errichtet und im Jahr 1971 in 44 Wohneinheiten aufgeteilt. In den vergangenen Jahren hat die Eigent\u00fcmergemeinschaft neben den regelm\u00e4\u00dfigen Instandhaltungen zahlreiche, wertsteigernde Ma\u00dfnahmen am Geb\u00e4ude vorgenommen: Fassadensanierung inklusive W\u00e4rmed\u00e4mmung (ca. 2001), Gas-Zentralheizung (2012), Sanierung der Fahrstuhlanlage (2013), Drainage (2015), u.v.m..<\/p>\n<p>F\u00fcr den Eigenbedarf wurden hier zwei nebeneinander liegende Wohnungen miteinander verbunden und f\u00fcr das eigene Wohlbefinden hochwertig ausgestattet: 3-fach verglaste, zum Sondereigentum geh\u00f6rende Fenster und Balkont\u00fcren 2020, \u00fcberwiegend neue Innent\u00fcren &#8211; teils verglast und als platzsparende Schiebet\u00fcr-Version, Wand\u00f6ffnung zwischen K\u00fcche und Balkonzimmer, moderne Einbauk\u00fcche (ohne Sp\u00fclmaschine), etc.. Das kleinste der 4 Zimmer, ein Durchgangszimmer, kann je nach gew\u00fcnschter Nutzung \u2013 zum Beispiel als Hauswirtschaftsraum, B\u00fcro, G\u00e4stezimmer, usw. \u2013 von den neuen Eigent\u00fcmern noch frei gestaltet werden.<\/p>\n<p>&nbsp;<\/p>\n<p><strong><em>Wohn- \/ Nutzfl\u00e4che (ca.-Angaben):<\/em><\/strong><\/p>\n<p>112 m\u00b2 &#8211; 4 Zimmer (davon 1 Durchgangszimmer) \u2013 Wohnk\u00fcche \u2013 2 Badezimmer \u2013 Diele &#8211; Flur \u2013 2 Balkone (zu \u00bc angerechnet); 1 Kellerraum ca. 2,30 m\u00b2, 1 Kellerverschlag ca. 3,30 m\u00b2<\/p>\n<p>&nbsp;<\/p>\n<p><strong><em>Objektbeschreibung (Wohnung Nr. 37 + Nr. 38, 7. OG): <\/em><\/strong><\/p>\n<p>Aufgrund der oberen Lage im Haus und der vorteilhaften Ausrichtung der Wohnung nach Ost \u2013 S\u00fcd \u2013 West genie\u00dfen Sie hier ganzj\u00e4hrig viel Tageslicht und profitieren gerade in der k\u00e4lteren Jahreszeit von der Sonneneinstrahlung. Hier pr\u00e4sentieren sich au\u00dfergew\u00f6hnlich sch\u00f6ne, gro\u00dfz\u00fcgige R\u00e4umlichkeiten, die aus jedem Fenster \u2013 insbesondere aus der Wohnk\u00fcche und vom vorgelagerten, uneinsehbaren S\u00fcd-Balkon &#8211; weite, freie Ausblicke bieten. Einen weiteren R\u00fcckzugsort an der frischen Luft stellt der kleinere, gesch\u00fctzt liegende S\u00fcd-Ost-Balkon dar.<\/p>\n<p>&nbsp;<\/p>\n<p><strong><em>Heizung:<\/em><\/strong><\/p>\n<p>Gas-Zentralheizung Baujahr 2012; Warmwasser \u00fcber moderne, fernbedienbare Durchlauferhitzer<\/p>\n<p>Wert gem\u00e4\u00df Energieverbrauchsausweis vom 17.10.2018: 81 kWh \/ (m\u00b2*a); C<\/p>\n<p>&nbsp;<\/p>\n<p><strong><em>Fuhrpark:<\/em><\/strong><\/p>\n<p>Eine im Jahr 1999 auf dem zum Grundst\u00fcck geh\u00f6renden Parkplatz (Gemeinschaftseigentum) errichtete Garagenanlage mit 14 Garagen (jeweils Eigentum) sowie diverse per Vereinbarung zugeordnete Stellpl\u00e4tze liegen seitlich des Geb\u00e4udes. Sowohl eine Garage (Nr. 8) mit Stromanschluss, Beleuchtung und elektrischem Tor als auch ein Stellplatz sind dieser Wohnung zugeordnet.<\/p>\n<p>&nbsp;<\/p>\n<p><strong><em>Monatliche Kosten \/ Hausgeld (ca.-Angaben):<\/em><\/strong><\/p>\n<p>339 \u20ac inkl. Heizung, Wasser \/ Abwasser, Winterdienst, Hausreinigung, Gartenarbeiten, Abfallentsorgung, Hausstrom, R\u00fccklagenzuf\u00fchrung, etc.; zuz\u00fcglich Wohnungsstrom, Grundsteuer B (16,68 \u20ac monatlich).<\/p>\n<p>Von den 339 \u20ac Hausgeld sind ca. 114 \u20ac (inkl. 62 \u20ac R\u00fccklage) vom Eigent\u00fcmer zu tragen und 225 \u20ac sowie die Grundsteuer B auf etwaige Mieter umlegbar.<\/p>\n<p>Hinweis: Bei dauerhafter Nutzung der Wohnung werden die verbrauchsabh\u00e4ngigen Kosten f\u00fcr Heizung und Wasser entsprechend h\u00f6her ausfallen.<\/p>\n<p>&nbsp;<\/p>\n<p><strong><em>Bemerkungen:<\/em><\/strong><\/p>\n<p>Eine herrliche und vor allem ger\u00e4umige Wohnung, die Lust auf mehr macht. Profitieren Sie von der oberen Lage im Haus und genie\u00dfen Sie es einfach, stets den \u00dcberblick zu haben! Gern zeigen wir Ihnen diese Immobilie pers\u00f6nlich nach Absprache.<\/p>\n<p>&nbsp;<\/p>\n<p>&nbsp;<\/p>\n<p style=\"text-align: center;\"><strong><em>Kaufpreis: 143.000 \u20ac VB <\/em><\/strong><\/p>\n<p>&nbsp;<\/p>\n<p>&nbsp;<\/p>\n<p>Nachweis-\/Vermittlungsprovision: netto 3,00 % vom Kaufpreis zzgl. der gesetzlichen MwSt. 19 % = 3,57 % verdient und f\u00e4llig mit Abschluss eines notariellen Kaufvertrags, zahlbar vom K\u00e4ufer. Wir haben einen entgeltpflichtigen Maklervertrag \u00fcber den gleichen Provisionssatz mit dem Verk\u00e4ufer geschlossen.<\/p>\n<p>&nbsp;<\/p>\n<p>Alle Angaben in unseren Angeboten sind ohne Gew\u00e4hr, basieren ausschlie\u00dflich auf Informationen Dritter und wurden nach bestem Wissen erteilt. Eine Haftung f\u00fcr die Richtigkeit, Vollst\u00e4ndigkeit und Aktualit\u00e4t der Angaben kann daher von uns nicht \u00fcbernommen werden. Alle Immobilienangebote sind freibleibend und vorbehaltlich Irrt\u00fcmer, Zwischenverkauf oder \u2013vermietung oder sonstiger Zwischenverwertung.<\/p>\n<p>&nbsp;<\/p>\n<p>&nbsp;<\/p>\n","protected":false},"excerpt":{"rendered":"<p>Lage: Das Wohnhaus steht auf einem gro\u00dfz\u00fcgigen, gepflegten Eigentums-Grundst\u00fcck (3.663 m\u00b2) mit weitl\u00e4ufiger Rasenfl\u00e4che, altem Baumbestand und auflockernder Bepflanzung am Rande des beliebten Stadtteils Sudmerberg. Das naturnahe Wohngebiet zeichnet sich aus durch eine gute Infrastruktur mit Stadtn\u00e4he, einer Bushaltestelle vor der Haust\u00fcr, zahlreichen Einkaufsm\u00f6glichkeiten im naheliegenden Gewerbegebiet, Kindergarten und Schulen, u.v.m.. &nbsp; Baujahr: Das vollunterkellerte [&hellip;]<\/p>\n","protected":false},"featured_media":4541,"parent":0,"menu_order":0,"template":"","meta":[],"categories":[32],"tags":[],"angebot":[12],"objektarten":[25,8],"ort":[44],"vermarktungsart":[18],"class_list":["post-4539","immobilie","type-immobilie","status-publish","has-post-thumbnail","hentry","category-goslar-und-stadtteile","angebot-neu","objektarten-3-zimmer-wohnung-und-mehr","objektarten-eigentumswohnung","ort-38640_goslar_sudmerberg","has-post-title","has-post-date","has-post-category","has-post-tag","has-post-comment","has-post-author",""],"ptb_metabox":{"ptb_immobilie__ueberschrift":"4-Zimmer-Wohnung mit herrlicher Aussicht!","ptb_immobilie_text_3":"Sch\u00f6ner Wohnen - ganz oben!","ptb_immobilie_preis":"143.000 \u20ac VB","ptb_immobilie_bild_1":["4540","https:\/\/www.bruenniger-hauk.de\/home\/wp-content\/uploads\/2026\/08\/IMG_8241-Mittel.jpg"],"ptb_immobilie_bild_2":["4541","https:\/\/www.bruenniger-hauk.de\/home\/wp-content\/uploads\/2026\/08\/IMG_8430-Mittel.jpg"],"ptb_immobilie_gallerie":{"url":["https:\/\/www.bruenniger-hauk.de\/home\/wp-content\/uploads\/2026\/08\/IMG_8241-Mittel.jpg","https:\/\/www.bruenniger-hauk.de\/home\/wp-content\/uploads\/2026\/08\/IMG_8430-Mittel.jpg","https:\/\/www.bruenniger-hauk.de\/home\/wp-content\/uploads\/2026\/08\/IMG_8449-Mittel.jpg","https:\/\/www.bruenniger-hauk.de\/home\/wp-content\/uploads\/2026\/08\/IMG_8216-Mittel.jpg","https:\/\/www.bruenniger-hauk.de\/home\/wp-content\/uploads\/2026\/08\/IMG_8220-Mittel.jpg","https:\/\/www.bruenniger-hauk.de\/home\/wp-content\/uploads\/2026\/08\/IMG_8224-Mittel.jpg","https:\/\/www.bruenniger-hauk.de\/home\/wp-content\/uploads\/2026\/08\/IMG_8232-Mittel.jpg","https:\/\/www.bruenniger-hauk.de\/home\/wp-content\/uploads\/2026\/08\/IMG_8237-Mittel.jpg","https:\/\/www.bruenniger-hauk.de\/home\/wp-content\/uploads\/2026\/08\/IMG_8252-Mittel.jpg","https:\/\/www.bruenniger-hauk.de\/home\/wp-content\/uploads\/2026\/08\/IMG_8305-Mittel.jpg","https:\/\/www.bruenniger-hauk.de\/home\/wp-content\/uploads\/2026\/08\/IMG_8318-Mittel.jpg","https:\/\/www.bruenniger-hauk.de\/home\/wp-content\/uploads\/2026\/08\/IMG_8329-Mittel.jpg","https:\/\/www.bruenniger-hauk.de\/home\/wp-content\/uploads\/2026\/08\/IMG_8374-Mittel.jpg","https:\/\/www.bruenniger-hauk.de\/home\/wp-content\/uploads\/2026\/08\/IMG_8383-Mittel.jpg","https:\/\/www.bruenniger-hauk.de\/home\/wp-content\/uploads\/2026\/08\/IMG_8272-Mittel.jpg","https:\/\/www.bruenniger-hauk.de\/home\/wp-content\/uploads\/2026\/08\/IMG_8391-Mittel.jpg","https:\/\/www.bruenniger-hauk.de\/home\/wp-content\/uploads\/2026\/08\/IMG_8276-Mittel.jpg","https:\/\/www.bruenniger-hauk.de\/home\/wp-content\/uploads\/2026\/08\/IMG_8338-Mittel.jpg","https:\/\/www.bruenniger-hauk.de\/home\/wp-content\/uploads\/2026\/08\/IMG_8344-Mittel.jpg","https:\/\/www.bruenniger-hauk.de\/home\/wp-content\/uploads\/2026\/08\/IMG_8400-Mittel.jpg","https:\/\/www.bruenniger-hauk.de\/home\/wp-content\/uploads\/2026\/08\/IMG_8409-Mittel.jpg","https:\/\/www.bruenniger-hauk.de\/home\/wp-content\/uploads\/2026\/08\/IMG_8417-Mittel.jpg","https:\/\/www.bruenniger-hauk.de\/home\/wp-content\/uploads\/2026\/08\/IMG_8244-Mittel.jpg","https:\/\/www.bruenniger-hauk.de\/home\/wp-content\/uploads\/2026\/08\/IMG_8464-Mittel.jpg","https:\/\/www.bruenniger-hauk.de\/home\/wp-content\/uploads\/2026\/08\/Grundriss-Expose.jpg"],"link":["","","","","","","","","","","","","","","","","","","","","","","","",""],"title":["IMG_8241 (Mittel)","IMG_8430 (Mittel)","IMG_8449 (Mittel)","IMG_8216 (Mittel)","IMG_8220 (Mittel)","IMG_8224 (Mittel)","IMG_8232 (Mittel)","IMG_8237 (Mittel)","IMG_8252 (Mittel)","IMG_8305 (Mittel)","IMG_8318 (Mittel)","IMG_8329 (Mittel)","IMG_8374 (Mittel)","IMG_8383 (Mittel)","IMG_8272 (Mittel)","IMG_8391 (Mittel)","IMG_8276 (Mittel)","IMG_8338 (Mittel)","IMG_8344 (Mittel)","IMG_8400 (Mittel)","IMG_8409 (Mittel)","IMG_8417 (Mittel)","IMG_8244 (Mittel)","IMG_8464 (Mittel)","Grundriss Expos\u00e9"],"description":["","","","","","","","","","","","","","","","","","","","","","","","",""]},"ptb_immobilie_pdf":{"url":["https:\/\/www.bruenniger-hauk.de\/home\/wp-content\/uploads\/2026\/08\/EW0688-Goslar-Sudmerberg.pdf"],"title":["EW0688 Goslar-Sudmerberg"]}},"ptb_taxonomy":{"category":[{"term_id":32,"name":"Goslar, Stadt- und Ortsteile","slug":"goslar-und-stadtteile","term_group":0,"term_taxonomy_id":32,"taxonomy":"category","description":"","parent":0,"count":29,"filter":"raw"}],"angebot":[{"term_id":12,"name":"NEU","slug":"neu","term_group":0,"term_taxonomy_id":12,"taxonomy":"angebot","description":"","parent":0,"count":8,"filter":"raw"}],"objektarten":[{"term_id":25,"name":"3-Zimmer Wohnung und mehr","slug":"3-zimmer-wohnung-und-mehr","term_group":0,"term_taxonomy_id":25,"taxonomy":"objektarten","description":"","parent":8,"count":12,"filter":"raw"},{"term_id":8,"name":"Eigentumswohnung","slug":"eigentumswohnung","term_group":0,"term_taxonomy_id":8,"taxonomy":"objektarten","description":"","parent":0,"count":14,"filter":"raw"}],"ort":[{"term_id":44,"name":"38640 Goslar - Sudmerberg","slug":"38640_goslar_sudmerberg","term_group":0,"term_taxonomy_id":44,"taxonomy":"ort","description":"","parent":0,"count":1,"filter":"raw"}],"vermarktungsart":[{"term_id":18,"name":"Verkauf","slug":"verkauf","term_group":0,"term_taxonomy_id":18,"taxonomy":"vermarktungsart","description":"","parent":0,"count":29,"filter":"raw"}]},"ptb_featured_image":{"url":"https:\/\/www.bruenniger-hauk.de\/home\/wp-content\/uploads\/2026\/08\/IMG_8430-Mittel.jpg","title":"IMG_8430 (Mittel)","caption":""},"_links":{"self":[{"href":"https:\/\/www.bruenniger-hauk.de\/home\/wp-json\/wp\/v2\/immobilie\/4539","targetHints":{"allow":["GET"]}}],"collection":[{"href":"https:\/\/www.bruenniger-hauk.de\/home\/wp-json\/wp\/v2\/immobilie"}],"about":[{"href":"https:\/\/www.bruenniger-hauk.de\/home\/wp-json\/wp\/v2\/types\/immobilie"}],"wp:featuredmedia":[{"embeddable":true,"href":"https:\/\/www.bruenniger-hauk.de\/home\/wp-json\/wp\/v2\/media\/4541"}],"wp:attachment":[{"href":"https:\/\/www.bruenniger-hauk.de\/home\/wp-json\/wp\/v2\/media?parent=4539"}],"wp:term":[{"taxonomy":"category","embeddable":true,"href":"https:\/\/www.bruenniger-hauk.de\/home\/wp-json\/wp\/v2\/categories?post=4539"},{"taxonomy":"post_tag","embeddable":true,"href":"https:\/\/www.bruenniger-hauk.de\/home\/wp-json\/wp\/v2\/tags?post=4539"},{"taxonomy":"angebot","embeddable":true,"href":"https:\/\/www.bruenniger-hauk.de\/home\/wp-json\/wp\/v2\/angebot?post=4539"},{"taxonomy":"objektarten","embeddable":true,"href":"https:\/\/www.bruenniger-hauk.de\/home\/wp-json\/wp\/v2\/objektarten?post=4539"},{"taxonomy":"ort","embeddable":true,"href":"https:\/\/www.bruenniger-hauk.de\/home\/wp-json\/wp\/v2\/ort?post=4539"},{"taxonomy":"status","embeddable":true,"href":"https:\/\/www.bruenniger-hauk.de\/home\/wp-json\/wp\/v2\/status?post=4539"},{"taxonomy":"vermarktungsart","embeddable":true,"href":"https:\/\/www.bruenniger-hauk.de\/home\/wp-json\/wp\/v2\/vermarktungsart?post=4539"}],"curies":[{"name":"wp","href":"https:\/\/api.w.org\/{rel}","templated":true}]}}